{"id":3,"date":"2025-11-30T22:00:00","date_gmt":"2025-11-30T22:00:00","guid":{"rendered":"https:\/\/fragmentos.zabeleta.pt\/?page_id=3"},"modified":"2025-12-11T15:47:06","modified_gmt":"2025-12-11T15:47:06","slug":"os-fragmentos","status":"publish","type":"page","link":"https:\/\/fragmentos.zabeleta.pt\/?page_id=3","title":{"rendered":"Os Fragmentos"},"content":{"rendered":"<div  id=\"jtg-46\" class=\"modula modula-gallery modula-columns\" data-config=\"{&quot;tabletHeight&quot;:800,&quot;mobileHeight&quot;:800,&quot;desktopHeight&quot;:800,&quot;enableTwitter&quot;:false,&quot;enableWhatsapp&quot;:false,&quot;enableFacebook&quot;:false,&quot;enablePinterest&quot;:false,&quot;enableLinkedin&quot;:false,&quot;enableEmail&quot;:false,&quot;randomFactor&quot;:0.5,&quot;type&quot;:&quot;grid&quot;,&quot;columns&quot;:12,&quot;gutter&quot;:50,&quot;mobileGutter&quot;:20,&quot;tabletGutter&quot;:35,&quot;desktopGutter&quot;:50,&quot;enableResponsive&quot;:true,&quot;tabletColumns&quot;:2,&quot;mobileColumns&quot;:1,&quot;lazyLoad&quot;:0,&quot;lightboxOpts&quot;:{&quot;animated&quot;:true,&quot;Thumbs&quot;:{&quot;type&quot;:&quot;modern&quot;,&quot;showOnStart&quot;:false},&quot;Toolbar&quot;:{&quot;display&quot;:{&quot;right&quot;:[&quot;close&quot;]},&quot;enabled&quot;:true},&quot;Carousel&quot;:{&quot;Panzoom&quot;:{&quot;touch&quot;:true},&quot;infinite&quot;:false},&quot;keyboard&quot;:{&quot;Escape&quot;:&quot;close&quot;,&quot;Delete&quot;:&quot;close&quot;,&quot;Backspace&quot;:&quot;close&quot;,&quot;PageUp&quot;:&quot;next&quot;,&quot;PageDown&quot;:&quot;prev&quot;,&quot;ArrowUp&quot;:&quot;prev&quot;,&quot;ArrowDown&quot;:&quot;next&quot;,&quot;ArrowRight&quot;:&quot;next&quot;,&quot;ArrowLeft&quot;:&quot;prev&quot;},&quot;wheel&quot;:&quot;slide&quot;,&quot;touch&quot;:true,&quot;backdropClick&quot;:&quot;close&quot;,&quot;l10n&quot;:{&quot;CLOSE&quot;:&quot;Close&quot;,&quot;NEXT&quot;:&quot;Next&quot;,&quot;PREV&quot;:&quot;Previous&quot;,&quot;Error&quot;:&quot;The requested content cannot be loaded. Please try again later.&quot;,&quot;PLAY_START&quot;:&quot;Start slideshow&quot;,&quot;PLAY_STOP&quot;:&quot;Pause slideshow&quot;,&quot;FULL_SCREEN&quot;:&quot;Full screen&quot;,&quot;THUMBS&quot;:&quot;Thumbnails&quot;,&quot;DOWNLOAD&quot;:&quot;Download&quot;,&quot;SHARE&quot;:&quot;Share&quot;,&quot;ZOOM&quot;:&quot;Zoom&quot;,&quot;EMAIL&quot;:&quot;Here is the link to the image : %%image_link%% and this is the link to the gallery : %%gallery_link%%&quot;,&quot;MODAL&quot;:&quot;You can close this modal content with the ESC key&quot;,&quot;ERROR&quot;:&quot;Something Went Wrong, Please Try Again Later&quot;,&quot;IMAGE_ERROR&quot;:&quot;Image Not Found&quot;,&quot;ELEMENT_NOT_FOUND&quot;:&quot;HTML Element Not Found&quot;,&quot;AJAX_NOT_FOUND&quot;:&quot;Error Loading AJAX : Not Found&quot;,&quot;AJAX_FORBIDDEN&quot;:&quot;Error Loading AJAX : Forbidden&quot;,&quot;IFRAME_ERROR&quot;:&quot;Error Loading Page&quot;,&quot;TOGGLE_ZOOM&quot;:&quot;Toggle zoom level&quot;,&quot;TOGGLE_THUMBS&quot;:&quot;Toggle thumbnails&quot;,&quot;TOGGLE_SLIDESHOW&quot;:&quot;Toggle slideshow&quot;,&quot;TOGGLE_FULLSCREEN&quot;:&quot;Toggle full-screen mode&quot;},&quot;Images&quot;:{&quot;Panzoom&quot;:{&quot;maxScale&quot;:2}},&quot;mainClass&quot;:&quot;modula-fancybox-container modula-lightbox-jtg-46&quot;,&quot;Html&quot;:{&quot;videoAutoplay&quot;:0,&quot;videoTpl&quot;:&quot;&lt;video class=\\&quot;fancybox__html5video\\&quot; controls muted playsinline controlsList controlsList=\\&quot;nodownload\\&quot; poster=\\&quot;{{poster}}\\&quot; src=\\&quot;{{src}}\\&quot; type=\\&quot;{{format}}\\&quot; &gt;  Sorry, your browser doesn&#039;t support embedded videos, &lt;a href=\\&quot;{{src}}\\&quot;&gt; download &lt;\\\/a&gt; and watch with your favorite video player! &lt;\\\/video&gt;&quot;}},&quot;inView&quot;:false,&quot;email_subject&quot;:&quot;Check out this awesome image !!&quot;,&quot;email_message&quot;:&quot;Here is the link to the image : %%image_link%% and this is the link to the gallery : %%gallery_link%%&quot;,&quot;grid_type&quot;:&quot;automatic&quot;,&quot;rowHeight&quot;:250,&quot;lastRow&quot;:&quot;justify&quot;,&quot;lightbox&quot;:&quot;fancybox&quot;,&quot;lightbox_devices&quot;:&quot;both&quot;}\">\n\n\t\n\t<div  class=\"modula-items grid-gallery\">\n\t\t<div class=\"modula-item effect-pufrobo\" >\n\t<div class=\"modula-item-overlay\"><\/div>\n\n\t<div class=\"modula-item-content\">\n\n\t\t<a data-image-id=\"351\" role=\"button\" tabindex=\"0\" rel=\"jtg-46\" data-caption=\"A Flor do \u00c9ter &lt;br&gt;&lt;small&gt;&lt;i&gt;O Espelho de Cefeu&lt;\/i&gt;&lt;\/small&gt;\" aria-label=\"Open image in lightbox\" class=\"tile-inner modula-item-link\"><\/a><img loading=\"lazy\" decoding=\"async\" class=\"pic wp-image-351\"  data-valign=\"middle\" data-halign=\"center\" alt=\"Fotografia astron\u00f3mica profunda exibindo a Nebulosa da \u00cdris (NGC 7023) no centro, caracterizada por um n\u00facleo estelar brilhante intensamente rodeado por delicadas e complexas nuvens de poeira reflectora de tons azuis e anil. Todo o campo em torno da nebulosa revela extensas e imponentes massas de poeira escura e acastanhada que bloqueiam a luz de fundo. A imagem encontra-se ponteada por estrelas n\u00edtidas de diversas colora\u00e7\u00f5es sobre um c\u00e9u negro e profundo.\" data-full=\"https:\/\/fragmentos.zabeleta.pt\/wp-content\/uploads\/2026\/08\/NGC7023_20260708_v1.jpg\" title=\"NGC7023_20260708_v1\" crop=\"\" width=\"300\" height=\"169\" src=\"https:\/\/fragmentos.zabeleta.pt\/wp-content\/uploads\/2026\/08\/NGC7023_20260708_v1-300x169.jpg\" data-src=\"https:\/\/fragmentos.zabeleta.pt\/wp-content\/uploads\/2026\/08\/NGC7023_20260708_v1-300x169.jpg\" data-caption=\"A Flor do \u00c9ter &lt;br&gt;&lt;small&gt;&lt;i&gt;O Espelho de Cefeu&lt;\/i&gt;&lt;\/small&gt;\" srcset=\"https:\/\/fragmentos.zabeleta.pt\/wp-content\/uploads\/2026\/08\/NGC7023_20260708_v1-scaled.jpg 2133w, https:\/\/fragmentos.zabeleta.pt\/wp-content\/uploads\/2026\/08\/NGC7023_20260708_v1-scaled-300x169.jpg 300w, https:\/\/fragmentos.zabeleta.pt\/wp-content\/uploads\/2026\/08\/NGC7023_20260708_v1-1024x576.jpg 1024w, https:\/\/fragmentos.zabeleta.pt\/wp-content\/uploads\/2026\/08\/NGC7023_20260708_v1-768x432.jpg 768w, https:\/\/fragmentos.zabeleta.pt\/wp-content\/uploads\/2026\/08\/NGC7023_20260708_v1-1536x864.jpg 1536w, https:\/\/fragmentos.zabeleta.pt\/wp-content\/uploads\/2026\/08\/NGC7023_20260708_v1-2048x1152.jpg 2048w\" sizes=\"auto, (max-width: 300px) 100vw, 300px\" \/>\n\t\t<div class=\"figc\">\n\t\t\t<div class=\"figc-inner\">\n\t\t\t\t\t\t\t\t\t\t\t\t\t<div class=\"jtg-description\">A Flor do \u00c9ter <br><small><i>O Espelho de Cefeu<\/i><\/small><\/div>\n\t\t\t\t\t\t\t\t\t\t\t<\/div>\n\t\t<\/div>\n\n\t<\/div>\n\n<\/div><div class=\"modula-item effect-pufrobo\" >\n\t<div class=\"modula-item-overlay\"><\/div>\n\n\t<div class=\"modula-item-content\">\n\n\t\t<a data-image-id=\"342\" role=\"button\" tabindex=\"0\" rel=\"jtg-46\" data-caption=\"A Garra do Abismo &lt;br&gt;&lt;small&gt;&lt;i&gt;A Fenda de Cassiopeia&lt;\/i&gt;&lt;\/small&gt;\" aria-label=\"Open image in lightbox\" class=\"tile-inner modula-item-link\"><\/a><img loading=\"lazy\" decoding=\"async\" class=\"pic wp-image-342\"  data-valign=\"middle\" data-halign=\"center\" alt=\"Fotografia astron\u00f3mica de campo amplo destacando um enorme anel incompleto de g\u00e1s vermelho rubro com a forma de uma garra, correspondente \u00e0 nebulosa SH2-157. A estrutura gasosa \u00e9 complexa, densa e esculpida, destacando-se veios mais escuros de poeira. No quadrante inferior esquerdo brilha uma nebulosa secund\u00e1ria bastante compacta e intensa (NGC 7538). O fundo negro do espa\u00e7o \u00e9 imaculado, salpicado por estrelas pontuais perfeitas cujas cores individuais se mant\u00eam bem preservadas.\" data-full=\"https:\/\/fragmentos.zabeleta.pt\/wp-content\/uploads\/2026\/08\/SH2-157_20260705_v1.jpg\" title=\"SH2-157_20260705_v1\" crop=\"\" width=\"300\" height=\"169\" src=\"https:\/\/fragmentos.zabeleta.pt\/wp-content\/uploads\/2026\/08\/SH2-157_20260705_v1-300x169.jpg\" data-src=\"https:\/\/fragmentos.zabeleta.pt\/wp-content\/uploads\/2026\/08\/SH2-157_20260705_v1-300x169.jpg\" data-caption=\"A Garra do Abismo &lt;br&gt;&lt;small&gt;&lt;i&gt;A Fenda de Cassiopeia&lt;\/i&gt;&lt;\/small&gt;\" srcset=\"https:\/\/fragmentos.zabeleta.pt\/wp-content\/uploads\/2026\/08\/SH2-157_20260705_v1-scaled.jpg 2133w, https:\/\/fragmentos.zabeleta.pt\/wp-content\/uploads\/2026\/08\/SH2-157_20260705_v1-scaled-300x169.jpg 300w, https:\/\/fragmentos.zabeleta.pt\/wp-content\/uploads\/2026\/08\/SH2-157_20260705_v1-1024x576.jpg 1024w, https:\/\/fragmentos.zabeleta.pt\/wp-content\/uploads\/2026\/08\/SH2-157_20260705_v1-768x432.jpg 768w, https:\/\/fragmentos.zabeleta.pt\/wp-content\/uploads\/2026\/08\/SH2-157_20260705_v1-1536x864.jpg 1536w, https:\/\/fragmentos.zabeleta.pt\/wp-content\/uploads\/2026\/08\/SH2-157_20260705_v1-2048x1152.jpg 2048w\" sizes=\"auto, (max-width: 300px) 100vw, 300px\" \/>\n\t\t<div class=\"figc\">\n\t\t\t<div class=\"figc-inner\">\n\t\t\t\t\t\t\t\t\t\t\t\t\t<div class=\"jtg-description\">A Garra do Abismo <br><small><i>A Fenda de Cassiopeia<\/i><\/small><\/div>\n\t\t\t\t\t\t\t\t\t\t\t<\/div>\n\t\t<\/div>\n\n\t<\/div>\n\n<\/div><div class=\"modula-item effect-pufrobo\" >\n\t<div class=\"modula-item-overlay\"><\/div>\n\n\t<div class=\"modula-item-content\">\n\n\t\t<a data-image-id=\"323\" role=\"button\" tabindex=\"0\" rel=\"jtg-46\" data-caption=\"O Le\u00e3o Alqu\u00edmico &lt;br&gt;&lt;small&gt;&lt;i&gt;O Rugido do \u00c9ter&lt;\/i&gt;&lt;\/small&gt;\" aria-label=\"Open image in lightbox\" class=\"tile-inner modula-item-link\"><\/a><img loading=\"lazy\" decoding=\"async\" class=\"pic wp-image-323\"  data-valign=\"middle\" data-halign=\"center\" alt=\"Fotografia astron\u00f3mica de campo amplo evidenciando a Nebulosa do Le\u00e3o (SH2-132). Destaca-se uma estrutura central brilhante e densa de tons vermelho rubro e rosa flamejante, que transita suavemente para uma expansa e difusa coroa de g\u00e1s azul anil no quadrante superior direito. O rico fundo negro do espa\u00e7o encontra-se texturado por subtis poeiras escuras e intensamente pontilhado por milhares de estrelas n\u00edtidas.\" data-full=\"https:\/\/fragmentos.zabeleta.pt\/wp-content\/uploads\/2026\/07\/SH2-132_20260701_v2.jpg\" title=\"SH2-132_20260701_v2\" crop=\"\" width=\"300\" height=\"169\" src=\"https:\/\/fragmentos.zabeleta.pt\/wp-content\/uploads\/2026\/07\/SH2-132_20260701_v2-300x169.jpg\" data-src=\"https:\/\/fragmentos.zabeleta.pt\/wp-content\/uploads\/2026\/07\/SH2-132_20260701_v2-300x169.jpg\" data-caption=\"O Le\u00e3o Alqu\u00edmico &lt;br&gt;&lt;small&gt;&lt;i&gt;O Rugido do \u00c9ter&lt;\/i&gt;&lt;\/small&gt;\" srcset=\"https:\/\/fragmentos.zabeleta.pt\/wp-content\/uploads\/2026\/07\/SH2-132_20260701_v2-scaled.jpg 2133w, https:\/\/fragmentos.zabeleta.pt\/wp-content\/uploads\/2026\/07\/SH2-132_20260701_v2-scaled-300x169.jpg 300w, https:\/\/fragmentos.zabeleta.pt\/wp-content\/uploads\/2026\/07\/SH2-132_20260701_v2-1024x576.jpg 1024w, https:\/\/fragmentos.zabeleta.pt\/wp-content\/uploads\/2026\/07\/SH2-132_20260701_v2-768x432.jpg 768w, https:\/\/fragmentos.zabeleta.pt\/wp-content\/uploads\/2026\/07\/SH2-132_20260701_v2-1536x864.jpg 1536w, https:\/\/fragmentos.zabeleta.pt\/wp-content\/uploads\/2026\/07\/SH2-132_20260701_v2-2048x1152.jpg 2048w\" sizes=\"auto, (max-width: 300px) 100vw, 300px\" \/>\n\t\t<div class=\"figc\">\n\t\t\t<div class=\"figc-inner\">\n\t\t\t\t\t\t\t\t\t\t\t\t\t<div class=\"jtg-description\">O Le\u00e3o Alqu\u00edmico <br><small><i>O Rugido do \u00c9ter<\/i><\/small><\/div>\n\t\t\t\t\t\t\t\t\t\t\t<\/div>\n\t\t<\/div>\n\n\t<\/div>\n\n<\/div><div class=\"modula-item effect-pufrobo\" >\n\t<div class=\"modula-item-overlay\"><\/div>\n\n\t<div class=\"modula-item-content\">\n\n\t\t<a data-image-id=\"309\" role=\"button\" tabindex=\"0\" rel=\"jtg-46\" data-caption=\"A Lagoa Primordial &lt;br&gt;&lt;small&gt;&lt;i&gt;O Canal das Trevas&lt;\/i&gt;&lt;\/small&gt;\" aria-label=\"Open image in lightbox\" class=\"tile-inner modula-item-link\"><\/a><img loading=\"lazy\" decoding=\"async\" class=\"pic wp-image-309\"  data-valign=\"middle\" data-halign=\"center\" alt=\"Fotografia astron\u00f3mica de campo amplo destacando a Nebulosa da Lagoa (M8) ao centro, uma colossal nuvem de g\u00e1s vermelho incandescente rasgada ao meio por uma espessa faixa de poeira c\u00f3smica escura. \u00c0 esquerda, observa-se uma nebulosa secund\u00e1ria de menor dimens\u00e3o, exibindo tonalidades mistas de azul e vermelho (Nebulosa da Tr\u00edfida, M20). Todo o campo encontra-se submerso numa vasta e t\u00e9nue nebulosidade de fundo, intensamente pontilhado por milhares de estrelas.\" data-full=\"https:\/\/fragmentos.zabeleta.pt\/wp-content\/uploads\/2026\/07\/M8_20260627.jpg\" title=\"M8_20260627\" crop=\"\" width=\"300\" height=\"169\" src=\"https:\/\/fragmentos.zabeleta.pt\/wp-content\/uploads\/2026\/07\/M8_20260627-300x169.jpg\" data-src=\"https:\/\/fragmentos.zabeleta.pt\/wp-content\/uploads\/2026\/07\/M8_20260627-300x169.jpg\" data-caption=\"A Lagoa Primordial &lt;br&gt;&lt;small&gt;&lt;i&gt;O Canal das Trevas&lt;\/i&gt;&lt;\/small&gt;\" srcset=\"https:\/\/fragmentos.zabeleta.pt\/wp-content\/uploads\/2026\/07\/M8_20260627-scaled.jpg 2133w, https:\/\/fragmentos.zabeleta.pt\/wp-content\/uploads\/2026\/07\/M8_20260627-scaled-300x169.jpg 300w, https:\/\/fragmentos.zabeleta.pt\/wp-content\/uploads\/2026\/07\/M8_20260627-1024x576.jpg 1024w, https:\/\/fragmentos.zabeleta.pt\/wp-content\/uploads\/2026\/07\/M8_20260627-768x432.jpg 768w, https:\/\/fragmentos.zabeleta.pt\/wp-content\/uploads\/2026\/07\/M8_20260627-1536x864.jpg 1536w, https:\/\/fragmentos.zabeleta.pt\/wp-content\/uploads\/2026\/07\/M8_20260627-2048x1152.jpg 2048w\" sizes=\"auto, (max-width: 300px) 100vw, 300px\" \/>\n\t\t<div class=\"figc\">\n\t\t\t<div class=\"figc-inner\">\n\t\t\t\t\t\t\t\t\t\t\t\t\t<div class=\"jtg-description\">A Lagoa Primordial <br><small><i>O Canal das Trevas<\/i><\/small><\/div>\n\t\t\t\t\t\t\t\t\t\t\t<\/div>\n\t\t<\/div>\n\n\t<\/div>\n\n<\/div><div class=\"modula-item effect-pufrobo\" >\n\t<div class=\"modula-item-overlay\"><\/div>\n\n\t<div class=\"modula-item-content\">\n\n\t\t<a data-image-id=\"305\" role=\"button\" tabindex=\"0\" rel=\"jtg-46\" data-caption=\"A \u00c1guia e o Cisne &lt;br&gt;&lt;small&gt;&lt;i&gt;Os Altares Interligados&lt;\/i&gt;&lt;\/small&gt;\" aria-label=\"Open image in lightbox\" class=\"tile-inner modula-item-link\"><\/a><img loading=\"lazy\" decoding=\"async\" class=\"pic wp-image-305\"  data-valign=\"middle\" data-halign=\"center\" alt=\"Fotografia astron\u00f3mica de campo amplo destacando duas nebulosas brilhantes sobre um imenso fundo de g\u00e1s vermelho incandescente. \u00c0 direita, encontra-se a Nebulosa da \u00c1guia (M16) com o seu n\u00facleo brilhante e pilares escuros; \u00e0 esquerda, a Nebulosa do Cisne (M17) com uma densidade luminosa rasgada por veios de mat\u00e9ria escura. Todo o campo est\u00e1 interligado por t\u00e9nues nuvens de hidrog\u00e9nio e pontilhado por milhares de estrelas n\u00edtidas de fundo.\" data-full=\"https:\/\/fragmentos.zabeleta.pt\/wp-content\/uploads\/2026\/07\/M16_M17_20260618.jpg\" title=\"M16_M17_20260618\" crop=\"\" width=\"300\" height=\"169\" src=\"https:\/\/fragmentos.zabeleta.pt\/wp-content\/uploads\/2026\/07\/M16_M17_20260618-300x169.jpg\" data-src=\"https:\/\/fragmentos.zabeleta.pt\/wp-content\/uploads\/2026\/07\/M16_M17_20260618-300x169.jpg\" data-caption=\"A \u00c1guia e o Cisne &lt;br&gt;&lt;small&gt;&lt;i&gt;Os Altares Interligados&lt;\/i&gt;&lt;\/small&gt;\" srcset=\"https:\/\/fragmentos.zabeleta.pt\/wp-content\/uploads\/2026\/07\/M16_M17_20260618-scaled.jpg 2133w, https:\/\/fragmentos.zabeleta.pt\/wp-content\/uploads\/2026\/07\/M16_M17_20260618-scaled-300x169.jpg 300w, https:\/\/fragmentos.zabeleta.pt\/wp-content\/uploads\/2026\/07\/M16_M17_20260618-1024x576.jpg 1024w, https:\/\/fragmentos.zabeleta.pt\/wp-content\/uploads\/2026\/07\/M16_M17_20260618-768x432.jpg 768w, https:\/\/fragmentos.zabeleta.pt\/wp-content\/uploads\/2026\/07\/M16_M17_20260618-1536x864.jpg 1536w, https:\/\/fragmentos.zabeleta.pt\/wp-content\/uploads\/2026\/07\/M16_M17_20260618-2048x1152.jpg 2048w\" sizes=\"auto, (max-width: 300px) 100vw, 300px\" \/>\n\t\t<div class=\"figc\">\n\t\t\t<div class=\"figc-inner\">\n\t\t\t\t\t\t\t\t\t\t\t\t\t<div class=\"jtg-description\">A \u00c1guia e o Cisne <br><small><i>Os Altares Interligados<\/i><\/small><\/div>\n\t\t\t\t\t\t\t\t\t\t\t<\/div>\n\t\t<\/div>\n\n\t<\/div>\n\n<\/div><div class=\"modula-item effect-pufrobo\" >\n\t<div class=\"modula-item-overlay\"><\/div>\n\n\t<div class=\"modula-item-content\">\n\n\t\t<a data-image-id=\"300\" role=\"button\" tabindex=\"0\" rel=\"jtg-46\" data-caption=\"A Sombra que Respira &lt;br&gt;&lt;small&gt;&lt;i&gt;Os Pilares de Cefeu&lt;\/i&gt;&lt;\/small&gt;\" aria-label=\"Open image in lightbox\" class=\"tile-inner modula-item-link\"><\/a><img loading=\"lazy\" decoding=\"async\" class=\"pic wp-image-300\"  data-valign=\"middle\" data-halign=\"center\" alt=\"Fotografia astron\u00f3mica de campo amplo coberta quase na totalidade por uma imensa e texturada nuvem de g\u00e1s vermelho incandescente (IC 1396). Diversos gl\u00f3bulos e veios de mat\u00e9ria escura recortam o vermelho, destacando-se na zona inferior a estrutura longa e retorcida da Tromba de Elefante. O campo est\u00e1 densamente pontilhado por estrelas finas e n\u00edtidas, evidenciando-se uma estrela muito brilhante de tom dourado no quadrante superior direito.\" data-full=\"https:\/\/fragmentos.zabeleta.pt\/wp-content\/uploads\/2026\/07\/IC1396_20260611.jpg\" title=\"IC1396_20260611\" crop=\"\" width=\"300\" height=\"169\" src=\"https:\/\/fragmentos.zabeleta.pt\/wp-content\/uploads\/2026\/07\/IC1396_20260611-300x169.jpg\" data-src=\"https:\/\/fragmentos.zabeleta.pt\/wp-content\/uploads\/2026\/07\/IC1396_20260611-300x169.jpg\" data-caption=\"A Sombra que Respira &lt;br&gt;&lt;small&gt;&lt;i&gt;Os Pilares de Cefeu&lt;\/i&gt;&lt;\/small&gt;\" srcset=\"https:\/\/fragmentos.zabeleta.pt\/wp-content\/uploads\/2026\/07\/IC1396_20260611-scaled.jpg 2133w, https:\/\/fragmentos.zabeleta.pt\/wp-content\/uploads\/2026\/07\/IC1396_20260611-scaled-300x169.jpg 300w, https:\/\/fragmentos.zabeleta.pt\/wp-content\/uploads\/2026\/07\/IC1396_20260611-1024x576.jpg 1024w, https:\/\/fragmentos.zabeleta.pt\/wp-content\/uploads\/2026\/07\/IC1396_20260611-768x432.jpg 768w, https:\/\/fragmentos.zabeleta.pt\/wp-content\/uploads\/2026\/07\/IC1396_20260611-1536x864.jpg 1536w, https:\/\/fragmentos.zabeleta.pt\/wp-content\/uploads\/2026\/07\/IC1396_20260611-2048x1152.jpg 2048w\" sizes=\"auto, (max-width: 300px) 100vw, 300px\" \/>\n\t\t<div class=\"figc\">\n\t\t\t<div class=\"figc-inner\">\n\t\t\t\t\t\t\t\t\t\t\t\t\t<div class=\"jtg-description\">A Sombra que Respira <br><small><i>Os Pilares de Cefeu<\/i><\/small><\/div>\n\t\t\t\t\t\t\t\t\t\t\t<\/div>\n\t\t<\/div>\n\n\t<\/div>\n\n<\/div><div class=\"modula-item effect-pufrobo\" >\n\t<div class=\"modula-item-overlay\"><\/div>\n\n\t<div class=\"modula-item-content\">\n\n\t\t<a data-image-id=\"297\" role=\"button\" tabindex=\"0\" rel=\"jtg-46\" data-caption=\"As Sete Irm\u00e3s &lt;br&gt;&lt;small&gt;&lt;i&gt;A Seda do \u00c9ter&lt;\/i&gt;&lt;\/small&gt;\" aria-label=\"Open image in lightbox\" class=\"tile-inner modula-item-link\"><\/a><img loading=\"lazy\" decoding=\"async\" class=\"pic wp-image-297\"  data-valign=\"middle\" data-halign=\"center\" alt=\"Fotografia astron\u00f3mica de campo amplo do aglomerado estelar das Pl\u00eaiades (M45), exibindo um grupo central de estrelas azuis brilhantes envolto numa intensa e detalhada nebulosidade filamentosa de cor azul-clara, rodeada por in\u00fameras estrelas de fundo mais pequenas sobre o \u00e9ter negro profunda.\" data-full=\"https:\/\/fragmentos.zabeleta.pt\/wp-content\/uploads\/2026\/07\/M45_20260221-2.jpg\" title=\"M45_20260221\" crop=\"\" width=\"300\" height=\"169\" src=\"https:\/\/fragmentos.zabeleta.pt\/wp-content\/uploads\/2026\/07\/M45_20260221-2-300x169.jpg\" data-src=\"https:\/\/fragmentos.zabeleta.pt\/wp-content\/uploads\/2026\/07\/M45_20260221-2-300x169.jpg\" data-caption=\"As Sete Irm\u00e3s &lt;br&gt;&lt;small&gt;&lt;i&gt;A Seda do \u00c9ter&lt;\/i&gt;&lt;\/small&gt;\" srcset=\"https:\/\/fragmentos.zabeleta.pt\/wp-content\/uploads\/2026\/07\/M45_20260221-2-scaled.jpg 2133w, https:\/\/fragmentos.zabeleta.pt\/wp-content\/uploads\/2026\/07\/M45_20260221-2-scaled-300x169.jpg 300w, https:\/\/fragmentos.zabeleta.pt\/wp-content\/uploads\/2026\/07\/M45_20260221-2-1024x576.jpg 1024w, https:\/\/fragmentos.zabeleta.pt\/wp-content\/uploads\/2026\/07\/M45_20260221-2-768x432.jpg 768w, https:\/\/fragmentos.zabeleta.pt\/wp-content\/uploads\/2026\/07\/M45_20260221-2-1536x864.jpg 1536w, https:\/\/fragmentos.zabeleta.pt\/wp-content\/uploads\/2026\/07\/M45_20260221-2-2048x1152.jpg 2048w\" sizes=\"auto, (max-width: 300px) 100vw, 300px\" \/>\n\t\t<div class=\"figc\">\n\t\t\t<div class=\"figc-inner\">\n\t\t\t\t\t\t\t\t\t\t\t\t\t<div class=\"jtg-description\">As Sete Irm\u00e3s <br><small><i>A Seda do \u00c9ter<\/i><\/small><\/div>\n\t\t\t\t\t\t\t\t\t\t\t<\/div>\n\t\t<\/div>\n\n\t<\/div>\n\n<\/div><div class=\"modula-item effect-pufrobo\" >\n\t<div class=\"modula-item-overlay\"><\/div>\n\n\t<div class=\"modula-item-content\">\n\n\t\t<a data-image-id=\"276\" role=\"button\" tabindex=\"0\" rel=\"jtg-46\" data-caption=\"Os Embri\u00f5es do Caos &lt;br&gt;&lt;small&gt;&lt;i&gt;O Ber\u00e7o de Fogo&lt;\/i&gt;&lt;\/small&gt;\" aria-label=\"Open image in lightbox\" class=\"tile-inner modula-item-link\"><\/a><img loading=\"lazy\" decoding=\"async\" class=\"pic wp-image-276\"  data-valign=\"middle\" data-halign=\"center\" alt=\"Fotografia astron\u00f3mica de campo amplo da Nebulosa dos Girinos (IC 410), exibindo uma densa nuvem gasosa de tom rubro e circular concentrada no quadrante inferior esquerdo, revelando estruturas escuras e filamentosas no seu interior, rodeada por um vasto e denso campo pontilhado de estrelas de fundo sobre o \u00e9ter negro.\" data-full=\"https:\/\/fragmentos.zabeleta.pt\/wp-content\/uploads\/2026\/07\/IC410_20260221.jpg\" title=\"IC410_20260221\" crop=\"\" width=\"300\" height=\"169\" src=\"https:\/\/fragmentos.zabeleta.pt\/wp-content\/uploads\/2026\/07\/IC410_20260221-300x169.jpg\" data-src=\"https:\/\/fragmentos.zabeleta.pt\/wp-content\/uploads\/2026\/07\/IC410_20260221-300x169.jpg\" data-caption=\"Os Embri\u00f5es do Caos &lt;br&gt;&lt;small&gt;&lt;i&gt;O Ber\u00e7o de Fogo&lt;\/i&gt;&lt;\/small&gt;\" srcset=\"https:\/\/fragmentos.zabeleta.pt\/wp-content\/uploads\/2026\/07\/IC410_20260221-scaled.jpg 2133w, https:\/\/fragmentos.zabeleta.pt\/wp-content\/uploads\/2026\/07\/IC410_20260221-scaled-300x169.jpg 300w, https:\/\/fragmentos.zabeleta.pt\/wp-content\/uploads\/2026\/07\/IC410_20260221-1024x576.jpg 1024w, https:\/\/fragmentos.zabeleta.pt\/wp-content\/uploads\/2026\/07\/IC410_20260221-768x432.jpg 768w, https:\/\/fragmentos.zabeleta.pt\/wp-content\/uploads\/2026\/07\/IC410_20260221-1536x864.jpg 1536w, https:\/\/fragmentos.zabeleta.pt\/wp-content\/uploads\/2026\/07\/IC410_20260221-2048x1152.jpg 2048w\" sizes=\"auto, (max-width: 300px) 100vw, 300px\" \/>\n\t\t<div class=\"figc\">\n\t\t\t<div class=\"figc-inner\">\n\t\t\t\t\t\t\t\t\t\t\t\t\t<div class=\"jtg-description\">Os Embri\u00f5es do Caos <br><small><i>O Ber\u00e7o de Fogo<\/i><\/small><\/div>\n\t\t\t\t\t\t\t\t\t\t\t<\/div>\n\t\t<\/div>\n\n\t<\/div>\n\n<\/div><div class=\"modula-item effect-pufrobo\" >\n\t<div class=\"modula-item-overlay\"><\/div>\n\n\t<div class=\"modula-item-content\">\n\n\t\t<a data-image-id=\"212\" role=\"button\" tabindex=\"0\" rel=\"jtg-46\" data-caption=\"A Forja de Os\u00edris &lt;br \/&gt;&lt;small&gt;&lt;em&gt;O V\u00e9u Expandido&lt;\/em&gt;&lt;\/small&gt;\" aria-label=\"Open image in lightbox\" class=\"tile-inner modula-item-link\"><\/a><img loading=\"lazy\" decoding=\"async\" class=\"pic wp-image-212\"  data-valign=\"middle\" data-halign=\"center\" alt=\"Fotografia astron\u00f3mica de campo amplo da Grande Nebulosa de Orionte (M42), exibindo a estrutura nebulosa rosada e circular concentrada no centro do plano, com o n\u00facleo brilhante bem definido e a nebulosa vizinha M43, rodeadas por um vasto campo pontilhado de estrelas de fundo sobre o \u00e9ter negro.\" data-full=\"https:\/\/fragmentos.zabeleta.pt\/wp-content\/uploads\/2026\/07\/M42_20260220.jpg\" title=\"M42_20260220\" crop=\"\" width=\"300\" height=\"169\" src=\"https:\/\/fragmentos.zabeleta.pt\/wp-content\/uploads\/2026\/07\/M42_20260220-300x169.jpg\" data-src=\"https:\/\/fragmentos.zabeleta.pt\/wp-content\/uploads\/2026\/07\/M42_20260220-300x169.jpg\" data-caption=\"A Forja de Os\u00edris &lt;br \/&gt;&lt;small&gt;&lt;em&gt;O V\u00e9u Expandido&lt;\/em&gt;&lt;\/small&gt;\" srcset=\"https:\/\/fragmentos.zabeleta.pt\/wp-content\/uploads\/2026\/07\/M42_20260220-scaled.jpg 2133w, https:\/\/fragmentos.zabeleta.pt\/wp-content\/uploads\/2026\/07\/M42_20260220-scaled-300x169.jpg 300w, https:\/\/fragmentos.zabeleta.pt\/wp-content\/uploads\/2026\/07\/M42_20260220-1024x576.jpg 1024w, https:\/\/fragmentos.zabeleta.pt\/wp-content\/uploads\/2026\/07\/M42_20260220-768x432.jpg 768w, https:\/\/fragmentos.zabeleta.pt\/wp-content\/uploads\/2026\/07\/M42_20260220-1536x864.jpg 1536w, https:\/\/fragmentos.zabeleta.pt\/wp-content\/uploads\/2026\/07\/M42_20260220-2048x1152.jpg 2048w\" sizes=\"auto, (max-width: 300px) 100vw, 300px\" \/>\n\t\t<div class=\"figc\">\n\t\t\t<div class=\"figc-inner\">\n\t\t\t\t\t\t\t\t\t\t\t\t\t<div class=\"jtg-description\">A Forja de Os\u00edris <br \/><small><em>O V\u00e9u Expandido<\/em><\/small><\/div>\n\t\t\t\t\t\t\t\t\t\t\t<\/div>\n\t\t<\/div>\n\n\t<\/div>\n\n<\/div><div class=\"modula-item effect-pufrobo\" >\n\t<div class=\"modula-item-overlay\"><\/div>\n\n\t<div class=\"modula-item-content\">\n\n\t\t<a data-image-id=\"175\" role=\"button\" tabindex=\"0\" rel=\"jtg-46\" data-caption=\"O Tirano Dourado &lt;br&gt;&lt;small&gt;&lt;i&gt;O Supremo Ilusionista&lt;\/i&gt;&lt;\/small&gt;\" aria-label=\"Open image in lightbox\" class=\"tile-inner modula-item-link\"><\/a><img loading=\"lazy\" decoding=\"async\" class=\"pic wp-image-175\"  data-valign=\"middle\" data-halign=\"center\" alt=\"Fotografia astron\u00f3mica de disco completo do Sol, exibindo uma esfera alaranjada de textura homog\u00e9nea sobre um fundo preto absoluto, com uma pequena mancha solar escura vis\u00edvel junto \u00e0 borda inferior direita.\" data-full=\"https:\/\/fragmentos.zabeleta.pt\/wp-content\/uploads\/2026\/02\/Sun_20260220.jpg\" title=\"Sun_20260220\" crop=\"\" width=\"300\" height=\"169\" src=\"https:\/\/fragmentos.zabeleta.pt\/wp-content\/uploads\/2026\/02\/Sun_20260220-300x169.jpg\" data-src=\"https:\/\/fragmentos.zabeleta.pt\/wp-content\/uploads\/2026\/02\/Sun_20260220-300x169.jpg\" data-caption=\"O Tirano Dourado &lt;br&gt;&lt;small&gt;&lt;i&gt;O Supremo Ilusionista&lt;\/i&gt;&lt;\/small&gt;\" srcset=\"https:\/\/fragmentos.zabeleta.pt\/wp-content\/uploads\/2026\/02\/Sun_20260220-scaled.jpg 2133w, https:\/\/fragmentos.zabeleta.pt\/wp-content\/uploads\/2026\/02\/Sun_20260220-scaled-300x169.jpg 300w, https:\/\/fragmentos.zabeleta.pt\/wp-content\/uploads\/2026\/02\/Sun_20260220-1024x576.jpg 1024w, https:\/\/fragmentos.zabeleta.pt\/wp-content\/uploads\/2026\/02\/Sun_20260220-768x432.jpg 768w, https:\/\/fragmentos.zabeleta.pt\/wp-content\/uploads\/2026\/02\/Sun_20260220-1536x864.jpg 1536w, https:\/\/fragmentos.zabeleta.pt\/wp-content\/uploads\/2026\/02\/Sun_20260220-2048x1152.jpg 2048w\" sizes=\"auto, (max-width: 300px) 100vw, 300px\" \/>\n\t\t<div class=\"figc\">\n\t\t\t<div class=\"figc-inner\">\n\t\t\t\t\t\t\t\t\t\t\t\t\t<div class=\"jtg-description\">O Tirano Dourado <br><small><i>O Supremo Ilusionista<\/i><\/small><\/div>\n\t\t\t\t\t\t\t\t\t\t\t<\/div>\n\t\t<\/div>\n\n\t<\/div>\n\n<\/div><div class=\"modula-item effect-pufrobo\" >\n\t<div class=\"modula-item-overlay\"><\/div>\n\n\t<div class=\"modula-item-content\">\n\n\t\t<a data-image-id=\"143\" role=\"button\" tabindex=\"0\" rel=\"jtg-46\" data-caption=\"O Terceiro V\u00e9rtice &lt;br&gt;&lt;small&gt;&lt;i&gt;A Geometria do Equil\u00edbrio&lt;\/i&gt;&lt;\/small&gt;\" aria-label=\"Open image in lightbox\" class=\"tile-inner modula-item-link\"><\/a><img loading=\"lazy\" decoding=\"async\" class=\"pic wp-image-143\"  data-valign=\"middle\" data-halign=\"center\" alt=\"Fotografia astron\u00f3mica de longa exposi\u00e7\u00e3o da Gal\u00e1xia do Tri\u00e2ngulo (M33), revelando os seus bra\u00e7os espirais abertos e difusos, a aus\u00eancia de um bojo central proeminente e pequenos n\u00f3s rosados de nebulosidades estelares dispersos sobre o fundo denso de estrelas de fundo.\" data-full=\"https:\/\/fragmentos.zabeleta.pt\/wp-content\/uploads\/2025\/12\/M33_20251130.jpg\" title=\"M33_20251130\" crop=\"\" width=\"300\" height=\"169\" src=\"https:\/\/fragmentos.zabeleta.pt\/wp-content\/uploads\/2025\/12\/M33_20251130-300x169.jpg\" data-src=\"https:\/\/fragmentos.zabeleta.pt\/wp-content\/uploads\/2025\/12\/M33_20251130-300x169.jpg\" data-caption=\"O Terceiro V\u00e9rtice &lt;br&gt;&lt;small&gt;&lt;i&gt;A Geometria do Equil\u00edbrio&lt;\/i&gt;&lt;\/small&gt;\" srcset=\"https:\/\/fragmentos.zabeleta.pt\/wp-content\/uploads\/2025\/12\/M33_20251130-scaled.jpg 2133w, https:\/\/fragmentos.zabeleta.pt\/wp-content\/uploads\/2025\/12\/M33_20251130-scaled-300x169.jpg 300w, https:\/\/fragmentos.zabeleta.pt\/wp-content\/uploads\/2025\/12\/M33_20251130-1024x576.jpg 1024w, https:\/\/fragmentos.zabeleta.pt\/wp-content\/uploads\/2025\/12\/M33_20251130-768x432.jpg 768w, https:\/\/fragmentos.zabeleta.pt\/wp-content\/uploads\/2025\/12\/M33_20251130-1536x864.jpg 1536w, https:\/\/fragmentos.zabeleta.pt\/wp-content\/uploads\/2025\/12\/M33_20251130-2048x1152.jpg 2048w\" sizes=\"auto, (max-width: 300px) 100vw, 300px\" \/>\n\t\t<div class=\"figc\">\n\t\t\t<div class=\"figc-inner\">\n\t\t\t\t\t\t\t\t\t\t\t\t\t<div class=\"jtg-description\">O Terceiro V\u00e9rtice <br><small><i>A Geometria do Equil\u00edbrio<\/i><\/small><\/div>\n\t\t\t\t\t\t\t\t\t\t\t<\/div>\n\t\t<\/div>\n\n\t<\/div>\n\n<\/div><div class=\"modula-item effect-pufrobo\" >\n\t<div class=\"modula-item-overlay\"><\/div>\n\n\t<div class=\"modula-item-content\">\n\n\t\t<a data-image-id=\"142\" role=\"button\" tabindex=\"0\" rel=\"jtg-46\" data-caption=\"O Grande Espelho do Destino &lt;br&gt;&lt;small&gt;&lt;i&gt;O Hieros Gamos C\u00f3smico&lt;\/i&gt;&lt;\/small&gt;\" aria-label=\"Open image in lightbox\" class=\"tile-inner modula-item-link\"><\/a><img loading=\"lazy\" decoding=\"async\" class=\"pic wp-image-142\"  data-valign=\"middle\" data-halign=\"center\" alt=\"Fotografia astron\u00f3mica de detalhe da Gal\u00e1xia de Andr\u00f3meda (M31), evidenciando o seu bojo central intensamente brilhante em tons esbranqui\u00e7ados e bronze, faixas de poeira escura que recortam o disco espiral inclinado e a gal\u00e1xia sat\u00e9lite el\u00edptica M32 vis\u00edvel \u00e0 direita contra o fundo estrelado.\" data-full=\"https:\/\/fragmentos.zabeleta.pt\/wp-content\/uploads\/2025\/12\/M31_20251130.jpg\" title=\"M31_20251130\" crop=\"\" width=\"300\" height=\"169\" src=\"https:\/\/fragmentos.zabeleta.pt\/wp-content\/uploads\/2025\/12\/M31_20251130-300x169.jpg\" data-src=\"https:\/\/fragmentos.zabeleta.pt\/wp-content\/uploads\/2025\/12\/M31_20251130-300x169.jpg\" data-caption=\"O Grande Espelho do Destino &lt;br&gt;&lt;small&gt;&lt;i&gt;O Hieros Gamos C\u00f3smico&lt;\/i&gt;&lt;\/small&gt;\" srcset=\"https:\/\/fragmentos.zabeleta.pt\/wp-content\/uploads\/2025\/12\/M31_20251130-scaled.jpg 2133w, https:\/\/fragmentos.zabeleta.pt\/wp-content\/uploads\/2025\/12\/M31_20251130-scaled-300x169.jpg 300w, https:\/\/fragmentos.zabeleta.pt\/wp-content\/uploads\/2025\/12\/M31_20251130-1024x576.jpg 1024w, https:\/\/fragmentos.zabeleta.pt\/wp-content\/uploads\/2025\/12\/M31_20251130-768x432.jpg 768w, https:\/\/fragmentos.zabeleta.pt\/wp-content\/uploads\/2025\/12\/M31_20251130-1536x864.jpg 1536w, https:\/\/fragmentos.zabeleta.pt\/wp-content\/uploads\/2025\/12\/M31_20251130-2048x1152.jpg 2048w\" sizes=\"auto, (max-width: 300px) 100vw, 300px\" \/>\n\t\t<div class=\"figc\">\n\t\t\t<div class=\"figc-inner\">\n\t\t\t\t\t\t\t\t\t\t\t\t\t<div class=\"jtg-description\">O Grande Espelho do Destino <br><small><i>O Hieros Gamos C\u00f3smico<\/i><\/small><\/div>\n\t\t\t\t\t\t\t\t\t\t\t<\/div>\n\t\t<\/div>\n\n\t<\/div>\n\n<\/div><div class=\"modula-item effect-pufrobo\" >\n\t<div class=\"modula-item-overlay\"><\/div>\n\n\t<div class=\"modula-item-content\">\n\n\t\t<a data-image-id=\"141\" role=\"button\" tabindex=\"0\" rel=\"jtg-46\" data-caption=\"A Forja de Os\u00edris &lt;br&gt;&lt;small&gt;&lt;i&gt;O Cadinho da Cria\u00e7\u00e3o&lt;\/i&gt;&lt;\/small&gt;\" aria-label=\"Open image in lightbox\" class=\"tile-inner modula-item-link\"><\/a><img loading=\"lazy\" decoding=\"async\" class=\"pic wp-image-141\"  data-valign=\"middle\" data-halign=\"center\" alt=\"Fotografia astron\u00f3mica de longa exposi\u00e7\u00e3o da Grande Nebulosa de Orionte (M42) e M43, evidenciando o n\u00facleo central intensamente brilhante, vastas estruturas de g\u00e1s incandescente em tons de rosa e magenta, e intrincadas nuvens de poeira escura e filamentos cinzento-azulados que se expandem pelo espa\u00e7o.\" data-full=\"https:\/\/fragmentos.zabeleta.pt\/wp-content\/uploads\/2025\/12\/M42_20251130.jpg\" title=\"M42_20251130\" crop=\"\" width=\"300\" height=\"169\" src=\"https:\/\/fragmentos.zabeleta.pt\/wp-content\/uploads\/2025\/12\/M42_20251130-300x169.jpg\" data-src=\"https:\/\/fragmentos.zabeleta.pt\/wp-content\/uploads\/2025\/12\/M42_20251130-300x169.jpg\" data-caption=\"A Forja de Os\u00edris &lt;br&gt;&lt;small&gt;&lt;i&gt;O Cadinho da Cria\u00e7\u00e3o&lt;\/i&gt;&lt;\/small&gt;\" srcset=\"https:\/\/fragmentos.zabeleta.pt\/wp-content\/uploads\/2025\/12\/M42_20251130-scaled.jpg 2133w, https:\/\/fragmentos.zabeleta.pt\/wp-content\/uploads\/2025\/12\/M42_20251130-scaled-300x169.jpg 300w, https:\/\/fragmentos.zabeleta.pt\/wp-content\/uploads\/2025\/12\/M42_20251130-1024x576.jpg 1024w, https:\/\/fragmentos.zabeleta.pt\/wp-content\/uploads\/2025\/12\/M42_20251130-768x432.jpg 768w, https:\/\/fragmentos.zabeleta.pt\/wp-content\/uploads\/2025\/12\/M42_20251130-1536x864.jpg 1536w, https:\/\/fragmentos.zabeleta.pt\/wp-content\/uploads\/2025\/12\/M42_20251130-2048x1152.jpg 2048w\" sizes=\"auto, (max-width: 300px) 100vw, 300px\" \/>\n\t\t<div class=\"figc\">\n\t\t\t<div class=\"figc-inner\">\n\t\t\t\t\t\t\t\t\t\t\t\t\t<div class=\"jtg-description\">A Forja de Os\u00edris <br><small><i>O Cadinho da Cria\u00e7\u00e3o<\/i><\/small><\/div>\n\t\t\t\t\t\t\t\t\t\t\t<\/div>\n\t\t<\/div>\n\n\t<\/div>\n\n<\/div><div class=\"modula-item effect-pufrobo\" >\n\t<div class=\"modula-item-overlay\"><\/div>\n\n\t<div class=\"modula-item-content\">\n\n\t\t<a data-image-id=\"140\" role=\"button\" tabindex=\"0\" rel=\"jtg-46\" data-caption=\"A Guardi\u00e3 do Umbral &lt;br&gt;&lt;small&gt;&lt;i&gt;O Espelho de Prata&lt;\/i&gt;&lt;\/small&gt;\" aria-label=\"Open image in lightbox\" class=\"tile-inner modula-item-link\"><\/a><img loading=\"lazy\" decoding=\"async\" class=\"pic wp-image-140\"  data-valign=\"middle\" data-halign=\"center\" alt=\"Fotografia astron\u00f3mica de detalhe da Lua em fase crescente gibbosa, evidenciando uma textura n\u00edtida e contrastada de crateras e ejectas ao longo do terminador, com os mares lunares escuros vis\u00edveis sobre o fundo preto absoluto.\" data-full=\"https:\/\/fragmentos.zabeleta.pt\/wp-content\/uploads\/2025\/12\/Moon_20251130.jpg\" title=\"Moon_20251130\" crop=\"\" width=\"300\" height=\"169\" src=\"https:\/\/fragmentos.zabeleta.pt\/wp-content\/uploads\/2025\/12\/Moon_20251130-300x169.jpg\" data-src=\"https:\/\/fragmentos.zabeleta.pt\/wp-content\/uploads\/2025\/12\/Moon_20251130-300x169.jpg\" data-caption=\"A Guardi\u00e3 do Umbral &lt;br&gt;&lt;small&gt;&lt;i&gt;O Espelho de Prata&lt;\/i&gt;&lt;\/small&gt;\" srcset=\"https:\/\/fragmentos.zabeleta.pt\/wp-content\/uploads\/2025\/12\/Moon_20251130-scaled.jpg 2133w, https:\/\/fragmentos.zabeleta.pt\/wp-content\/uploads\/2025\/12\/Moon_20251130-scaled-300x169.jpg 300w, https:\/\/fragmentos.zabeleta.pt\/wp-content\/uploads\/2025\/12\/Moon_20251130-1024x576.jpg 1024w, https:\/\/fragmentos.zabeleta.pt\/wp-content\/uploads\/2025\/12\/Moon_20251130-768x432.jpg 768w, https:\/\/fragmentos.zabeleta.pt\/wp-content\/uploads\/2025\/12\/Moon_20251130-1536x864.jpg 1536w, https:\/\/fragmentos.zabeleta.pt\/wp-content\/uploads\/2025\/12\/Moon_20251130-2048x1152.jpg 2048w\" sizes=\"auto, (max-width: 300px) 100vw, 300px\" \/>\n\t\t<div class=\"figc\">\n\t\t\t<div class=\"figc-inner\">\n\t\t\t\t\t\t\t\t\t\t\t\t\t<div class=\"jtg-description\">A Guardi\u00e3 do Umbral <br><small><i>O Espelho de Prata<\/i><\/small><\/div>\n\t\t\t\t\t\t\t\t\t\t\t<\/div>\n\t\t<\/div>\n\n\t<\/div>\n\n<\/div>\t\t\n\t<\/div>\n\n\t\n\t\n\t<script type=\"application\/ld+json\">\n\t{\n\t\t\"@context\": \"https:\/\/schema.org\",\n\t\t\"@type\"   : \"ImageGallery\",\n\t\t\"id\"      : \"https:\/\/fragmentos.zabeleta.pt\/?page_id=3\/#modula-gallery-46\",\n\t\t\"url\"     : \"https:\/\/fragmentos.zabeleta.pt\/?page_id=3\/\"\n\t}\n\n\t<\/script>\n\n\t\n<\/div>\n\n\n\n\n<p class=\"wp-block-paragraph\"><\/p>\n","protected":false},"excerpt":{"rendered":"","protected":false},"author":1,"featured_media":0,"parent":0,"menu_order":1,"comment_status":"closed","ping_status":"closed","template":"","meta":{"footnotes":""},"class_list":["post-3","page","type-page","status-publish","hentry"],"_links":{"self":[{"href":"https:\/\/fragmentos.zabeleta.pt\/index.php?rest_route=\/wp\/v2\/pages\/3","targetHints":{"allow":["GET"]}}],"collection":[{"href":"https:\/\/fragmentos.zabeleta.pt\/index.php?rest_route=\/wp\/v2\/pages"}],"about":[{"href":"https:\/\/fragmentos.zabeleta.pt\/index.php?rest_route=\/wp\/v2\/types\/page"}],"author":[{"embeddable":true,"href":"https:\/\/fragmentos.zabeleta.pt\/index.php?rest_route=\/wp\/v2\/users\/1"}],"replies":[{"embeddable":true,"href":"https:\/\/fragmentos.zabeleta.pt\/index.php?rest_route=%2Fwp%2Fv2%2Fcomments&post=3"}],"version-history":[{"count":5,"href":"https:\/\/fragmentos.zabeleta.pt\/index.php?rest_route=\/wp\/v2\/pages\/3\/revisions"}],"predecessor-version":[{"id":53,"href":"https:\/\/fragmentos.zabeleta.pt\/index.php?rest_route=\/wp\/v2\/pages\/3\/revisions\/53"}],"wp:attachment":[{"href":"https:\/\/fragmentos.zabeleta.pt\/index.php?rest_route=%2Fwp%2Fv2%2Fmedia&parent=3"}],"curies":[{"name":"wp","href":"https:\/\/api.w.org\/{rel}","templated":true}]}}